{"id":1713,"date":"2023-03-21T10:32:13","date_gmt":"2023-03-21T10:32:13","guid":{"rendered":"https:\/\/grupoagrinews.com\/suscripcion\/?post_type=product&#038;p=1713"},"modified":"2023-05-17T12:50:26","modified_gmt":"2023-05-17T12:50:26","slug":"inscripcion-aviforum-carne-incubaforum-2023","status":"publish","type":"product","link":"https:\/\/grupoagrinews.com\/suscripcion\/producto\/inscripcion-aviforum-carne-incubaforum-2023\/","title":{"rendered":"Inscripci\u00f3n aviFORUM Carne + incubaFORUM 2023"},"content":{"rendered":"<p>&nbsp;<\/p>\n<p><img loading=\"lazy\" decoding=\"async\" class=\"alignnone wp-image-160\" style=\"float: left;\" src=\"https:\/\/grupoagrinews.com\/suscripcion\/wp-content\/uploads\/2017\/04\/icon_formaPago3.png\" alt=\"transferencia bancaria\" width=\"60\" height=\"60\" \/> <img loading=\"lazy\" decoding=\"async\" class=\"alignnone wp-image-161\" style=\"float: left;\" src=\"https:\/\/grupoagrinews.com\/suscripcion\/wp-content\/uploads\/2017\/04\/100-83.jpeg\" alt=\"paypal\" width=\"60\" height=\"60\" \/> <img loading=\"lazy\" decoding=\"async\" class=\"alignnone wp-image-162\" style=\"float: left;\" src=\"https:\/\/grupoagrinews.com\/suscripcion\/wp-content\/uploads\/2017\/04\/visa_mc.png\" alt=\"visa-mastercard\" width=\"60\" height=\"60\" \/><\/p>\n<h4><\/h4>\n<h4><\/h4>\n<h4><\/h4>\n<div id=\"accordion-1\" class=\"accordion no-js\"><\/p>\n<p>\n\t\t\t\t\t<h3 role=\"button\" id=\"accordion-1-t1\" class=\"accordion-title js-accordion-controller\" aria-controls=\"accordion-1-c1\" aria-expanded=\"false\" tabindex=\"0\">\n\t\t\t\t\u00bfQu\u00e9 incluye mi inscripci\u00f3n?\t\t\t<\/h3>\n\t\t\n\t\t<div id=\"accordion-1-c1\" class=\"accordion-content\" aria-hidden=\"true\">\n\t\t\t<\/p>\n<p><span style=\"font-weight: 400;\">La inscripci\u00f3n al aviFORUM incluye lo siguiente:<\/span><\/p>\n<ul>\n<li>Acceso al congreso durante los dos d\u00edas<\/li>\n<li>Material exclusivo del evento a disposici\u00f3n de la organizaci\u00f3n durante las jornadas<\/li>\n<li>Almuerzos y caf\u00e9s<\/li>\n<li>Acceso a las ponencias t\u00e9cnicas<\/li>\n<li>Acceso a los workshops interactivos<\/li>\n<li>Acceso al Social Forum<\/li>\n<\/ul>\n<p>\t\t<\/div>\n\n\t\t<br \/>\n\n\t\t\t\t\t<h3 role=\"button\" id=\"accordion-1-t2\" class=\"accordion-title js-accordion-controller\" aria-controls=\"accordion-1-c2\" aria-expanded=\"false\" tabindex=\"0\" data-initialstate=\"closed\">\n\t\t\t\t\u00bfQu\u00e9 debo hacer para inscribirme?\t\t\t<\/h3>\n\t\t\n\t\t<div id=\"accordion-1-c2\" class=\"accordion-content\" aria-hidden=\"true\">\n\t\t\t<\/p>\n<div>\u00danicamente debe escoger la tarifa a la cual pertenezca (profesional o proveedor) y realizar el pago. Podr\u00e1 seleccionar el n\u00famero de entradas que quiere comprar para inscribirse tanto usted como sus compa\u00f1eros.<\/div>\n<p>\t\t<\/div>\n\n\t\t<\/p>\n<p>\n\t\t\t\t\t<h3 role=\"button\" id=\"accordion-1-t3\" class=\"accordion-title js-accordion-controller\" aria-controls=\"accordion-1-c3\" aria-expanded=\"false\" tabindex=\"0\" data-initialstate=\"closed\">\n\t\t\t\t\u00bfC\u00f3mo puedo gestionar el pago de la inscripci\u00f3n?\t\t\t<\/h3>\n\t\t\n\t\t<div id=\"accordion-1-c3\" class=\"accordion-content\" aria-hidden=\"true\">\n\t\t\t<\/p>\n<p><span style=\"font-weight: 400;\">Para realizar el pago de la inscripci\u00f3n, puedes optar por varias formas:<\/span><\/p>\n<p><span style=\"font-weight: 400;\">1.- Por medio de una transferencia bancaria o ingreso en efectivo a la siguiente cuenta:<\/span><\/p>\n<p>Entidad: Banco Sabadell<\/p>\n<p>IBAN: ES44 0081 0321 5500 0145 9853<\/p>\n<p>SWIFT: BSABESBB<\/p>\n<p><span style=\"font-weight: 400;\">En ella, debes indicar la referencia de inscripci\u00f3n (aviFORUM), nombre, apellidos y d\u00edas de asistencia. <\/span><\/p>\n<p><span style=\"font-weight: 400;\">Posteriormente, debes enviar el formulario cumplimentado con el comprobante de la transferencia a <\/span><a href=\"mailto:info@agrinews.es\"><span style=\"font-weight: 400;\">info@agrinews.es<\/span><\/a><\/p>\n<p>&nbsp;<\/p>\n<p><span style=\"font-weight: 400;\">2.- Por medio de un PAGO ONLINE Visa\/Paypal<\/span><\/p>\n<p><span style=\"font-weight: 400;\">A trav\u00e9s del siguiente enlace podr\u00e1s realizar el pago online para asistir al evento. <\/span><\/p>\n<p><span style=\"font-weight: 400;\">En \u00e9l, debes indicar la referencia de inscripci\u00f3n (aviFORUM), nombre, apellidos y d\u00edas de asistencia. <\/span><\/p>\n<p><span style=\"font-weight: 400;\">Posteriormente, debes enviar el formulario cumplimentado con el comprobante de pago online a <\/span><a href=\"mailto:info@agrinews.es\"><span style=\"font-weight: 400;\">info@agrinews.es<\/span><\/a><\/p>\n<p>\t\t<\/div>\n\n\t\t<\/p>\n<p>\n\t\t\t\t\t<h3 role=\"button\" id=\"accordion-1-t4\" class=\"accordion-title js-accordion-controller\" aria-controls=\"accordion-1-c4\" aria-expanded=\"false\" tabindex=\"0\" data-initialstate=\"closed\">\n\t\t\t\t\u00bfTienes alguna duda? \t\t\t<\/h3>\n\t\t\n\t\t<div id=\"accordion-1-c4\" class=\"accordion-content\" aria-hidden=\"true\">\n\t\t\t<\/p>\n<p><span style=\"font-weight: 400;\">Ponte en contacto con nosotros <\/span><a href=\"mailto:secretaria@grupoagrinews.com\"><span style=\"font-weight: 400;\">secretaria<\/span><span style=\"font-weight: 400;\">@grupoagrinews.com<\/span><\/a><span style=\"font-weight: 400;\">\u00a0<\/span><\/p>\n<p>\t\t<\/div>\n\n\t\t<\/p>\n<p><\/div>\n<p>&nbsp;<\/p>\n<p><a href=\"https:\/\/aviforum.info\/#programa\">Ver el programa<\/a><\/p>\n<p>&nbsp;<\/p>\n<div id=\"accordion-2\" class=\"accordion no-js\">\n\t\t\t\t\t<h3 role=\"button\" id=\"accordion-2-t1\" class=\"accordion-title js-accordion-controller\" aria-controls=\"accordion-2-c1\" aria-expanded=\"false\" tabindex=\"0\">\n\t\t\t\tCondiciones de compra\t\t\t<\/h3>\n\t\t\n\t\t<div id=\"accordion-2-c1\" class=\"accordion-content\" aria-hidden=\"true\">\n\t\t\t<\/p>\n<p><a href=\"https:\/\/grupoagrinews.com\/suscripcion\/condiciones-generales-contratacion\/\">Condiciones Generales de Contrataci\u00f3n<\/a><\/p>\n<p><span class=\"gamma widget-title\">Direcci\u00f3n Postal<\/span><\/p>\n<div class=\"textwidget custom-html-widget\">Grupo de Comunicaci\u00f3n Agrinews SL<br \/>\nCam\u00ed Ral, 495, 2\u00ba2\u00ba 08301<br \/>\nMATAR\u00d3(Barcelona) &#8211; Espa\u00f1a<br \/>\nTel\u00e9fono: +34931154415<br \/>\nEmail: info@agrinews.es<\/div>\n<p>\t\t<\/div>\n\n\t\t<\/div>\n<p>&nbsp;<\/p>\n","protected":false},"excerpt":{"rendered":"<h3><span style=\"color: #000000;\"><strong>25 de Mayo y 26 de Mayo<\/strong><\/span><\/h3>\n<p><span style=\"color: #993366;\"><strong><a style=\"color: #993366;\" href=\"https:\/\/aviforum.info\/\" target=\"_blank\" rel=\"noopener noreferrer\">Web del evento<\/a><\/strong><\/span><\/p>\n<p><img loading=\"lazy\" decoding=\"async\" class=\"alignnone wp-image-1731 size-large\" src=\"https:\/\/grupoagrinews.com\/suscripcion\/wp-content\/uploads\/2023\/03\/time-line-1024x241.png\" alt=\"\" width=\"980\" height=\"231\" srcset=\"https:\/\/grupoagrinews.com\/suscripcion\/wp-content\/uploads\/2023\/03\/time-line-1024x241.png 1024w, https:\/\/grupoagrinews.com\/suscripcion\/wp-content\/uploads\/2023\/03\/time-line-300x70.png 300w, https:\/\/grupoagrinews.com\/suscripcion\/wp-content\/uploads\/2023\/03\/time-line-768x180.png 768w, https:\/\/grupoagrinews.com\/suscripcion\/wp-content\/uploads\/2023\/03\/time-line-416x98.png 416w, https:\/\/grupoagrinews.com\/suscripcion\/wp-content\/uploads\/2023\/03\/time-line.png 1366w\" sizes=\"(max-width: 980px) 100vw, 980px\" \/><\/p>\n","protected":false},"featured_media":1714,"template":"","meta":[],"product_cat":[23,22],"product_tag":[],"yoast_head":"<!-- This site is optimized with the Yoast SEO plugin v23.0 - https:\/\/yoast.com\/wordpress\/plugins\/seo\/ -->\n<title>Inscripci\u00f3n aviFORUM Carne + incubaFORUM 2023 - Suscripciones grupo agriNews<\/title>\n<meta name=\"robots\" content=\"index, follow, max-snippet:-1, max-image-preview:large, max-video-preview:-1\" \/>\n<link rel=\"canonical\" href=\"https:\/\/grupoagrinews.com\/suscripcion\/producto\/inscripcion-aviforum-carne-incubaforum-2023\/\" \/>\n<meta property=\"og:locale\" content=\"es_ES\" \/>\n<meta property=\"og:type\" content=\"article\" \/>\n<meta property=\"og:title\" content=\"Inscripci\u00f3n aviFORUM Carne + incubaFORUM 2023 - Suscripciones grupo agriNews\" \/>\n<meta property=\"og:description\" content=\"25 de Mayo y 26 de Mayo Web del evento\" \/>\n<meta property=\"og:url\" content=\"https:\/\/grupoagrinews.com\/suscripcion\/producto\/inscripcion-aviforum-carne-incubaforum-2023\/\" \/>\n<meta property=\"og:site_name\" content=\"Suscripciones grupo agriNews\" \/>\n<meta property=\"article:publisher\" content=\"https:\/\/www.facebook.com\/grupo.agrinews\" \/>\n<meta property=\"article:modified_time\" content=\"2023-05-17T12:50:26+00:00\" \/>\n<meta property=\"og:image\" content=\"https:\/\/grupoagrinews.com\/suscripcion\/wp-content\/uploads\/2023\/03\/aviforum-carne-2023.png\" \/>\n\t<meta property=\"og:image:width\" content=\"1400\" \/>\n\t<meta property=\"og:image:height\" content=\"1400\" \/>\n\t<meta property=\"og:image:type\" content=\"image\/png\" \/>\n<meta name=\"twitter:card\" content=\"summary_large_image\" \/>\n<meta name=\"twitter:site\" content=\"@grupo_agrinews\" \/>\n<meta name=\"twitter:label1\" content=\"Tiempo de lectura\" \/>\n\t<meta name=\"twitter:data1\" content=\"2 minutos\" \/>\n<script type=\"application\/ld+json\" class=\"yoast-schema-graph\">{\"@context\":\"https:\/\/schema.org\",\"@graph\":[{\"@type\":\"WebPage\",\"@id\":\"https:\/\/grupoagrinews.com\/suscripcion\/producto\/inscripcion-aviforum-carne-incubaforum-2023\/\",\"url\":\"https:\/\/grupoagrinews.com\/suscripcion\/producto\/inscripcion-aviforum-carne-incubaforum-2023\/\",\"name\":\"Inscripci\u00f3n aviFORUM Carne + incubaFORUM 2023 - Suscripciones grupo agriNews\",\"isPartOf\":{\"@id\":\"https:\/\/grupoagrinews.com\/suscripcion\/#website\"},\"primaryImageOfPage\":{\"@id\":\"https:\/\/grupoagrinews.com\/suscripcion\/producto\/inscripcion-aviforum-carne-incubaforum-2023\/#primaryimage\"},\"image\":{\"@id\":\"https:\/\/grupoagrinews.com\/suscripcion\/producto\/inscripcion-aviforum-carne-incubaforum-2023\/#primaryimage\"},\"thumbnailUrl\":\"https:\/\/grupoagrinews.com\/suscripcion\/wp-content\/uploads\/2023\/03\/aviforum-carne-2023.png\",\"datePublished\":\"2023-03-21T10:32:13+00:00\",\"dateModified\":\"2023-05-17T12:50:26+00:00\",\"breadcrumb\":{\"@id\":\"https:\/\/grupoagrinews.com\/suscripcion\/producto\/inscripcion-aviforum-carne-incubaforum-2023\/#breadcrumb\"},\"inLanguage\":\"es\",\"potentialAction\":[{\"@type\":\"ReadAction\",\"target\":[\"https:\/\/grupoagrinews.com\/suscripcion\/producto\/inscripcion-aviforum-carne-incubaforum-2023\/\"]}]},{\"@type\":\"ImageObject\",\"inLanguage\":\"es\",\"@id\":\"https:\/\/grupoagrinews.com\/suscripcion\/producto\/inscripcion-aviforum-carne-incubaforum-2023\/#primaryimage\",\"url\":\"https:\/\/grupoagrinews.com\/suscripcion\/wp-content\/uploads\/2023\/03\/aviforum-carne-2023.png\",\"contentUrl\":\"https:\/\/grupoagrinews.com\/suscripcion\/wp-content\/uploads\/2023\/03\/aviforum-carne-2023.png\",\"width\":1400,\"height\":1400},{\"@type\":\"BreadcrumbList\",\"@id\":\"https:\/\/grupoagrinews.com\/suscripcion\/producto\/inscripcion-aviforum-carne-incubaforum-2023\/#breadcrumb\",\"itemListElement\":[{\"@type\":\"ListItem\",\"position\":1,\"name\":\"Portada\",\"item\":\"https:\/\/grupoagrinews.com\/suscripcion\/\"},{\"@type\":\"ListItem\",\"position\":2,\"name\":\"Suscripciones\",\"item\":\"https:\/\/grupoagrinews.com\/suscripcion\/\"},{\"@type\":\"ListItem\",\"position\":3,\"name\":\"Inscripci\u00f3n aviFORUM Carne + incubaFORUM 2023\"}]},{\"@type\":\"WebSite\",\"@id\":\"https:\/\/grupoagrinews.com\/suscripcion\/#website\",\"url\":\"https:\/\/grupoagrinews.com\/suscripcion\/\",\"name\":\"Suscripciones grupo agriNews\",\"description\":\"Nuestra revista y eventos al alcance de todos\",\"publisher\":{\"@id\":\"https:\/\/grupoagrinews.com\/suscripcion\/#organization\"},\"potentialAction\":[{\"@type\":\"SearchAction\",\"target\":{\"@type\":\"EntryPoint\",\"urlTemplate\":\"https:\/\/grupoagrinews.com\/suscripcion\/?s={search_term_string}\"},\"query-input\":\"required name=search_term_string\"}],\"inLanguage\":\"es\"},{\"@type\":\"Organization\",\"@id\":\"https:\/\/grupoagrinews.com\/suscripcion\/#organization\",\"name\":\"Grupo comunicaci\u00f3n agriNews SL\",\"url\":\"https:\/\/grupoagrinews.com\/suscripcion\/\",\"logo\":{\"@type\":\"ImageObject\",\"inLanguage\":\"es\",\"@id\":\"https:\/\/grupoagrinews.com\/suscripcion\/#\/schema\/logo\/image\/\",\"url\":\"https:\/\/grupoagrinews.com\/suscripcion\/wp-content\/uploads\/2017\/02\/cropped-logo-agrinews.png\",\"contentUrl\":\"https:\/\/grupoagrinews.com\/suscripcion\/wp-content\/uploads\/2017\/02\/cropped-logo-agrinews.png\",\"width\":278,\"height\":110,\"caption\":\"Grupo comunicaci\u00f3n agriNews SL\"},\"image\":{\"@id\":\"https:\/\/grupoagrinews.com\/suscripcion\/#\/schema\/logo\/image\/\"},\"sameAs\":[\"https:\/\/www.facebook.com\/grupo.agrinews\",\"https:\/\/x.com\/grupo_agrinews\",\"https:\/\/www.instagram.com\/grupo_agrinews\/?hl=es\",\"https:\/\/www.linkedin.com\/company\/grupo-de-comunicaci\u00f3n-agrinews-s-l-\"]}]}<\/script>\n<!-- \/ Yoast SEO plugin. -->","yoast_head_json":{"title":"Inscripci\u00f3n aviFORUM Carne + incubaFORUM 2023 - Suscripciones grupo agriNews","robots":{"index":"index","follow":"follow","max-snippet":"max-snippet:-1","max-image-preview":"max-image-preview:large","max-video-preview":"max-video-preview:-1"},"canonical":"https:\/\/grupoagrinews.com\/suscripcion\/producto\/inscripcion-aviforum-carne-incubaforum-2023\/","og_locale":"es_ES","og_type":"article","og_title":"Inscripci\u00f3n aviFORUM Carne + incubaFORUM 2023 - Suscripciones grupo agriNews","og_description":"25 de Mayo y 26 de Mayo Web del evento","og_url":"https:\/\/grupoagrinews.com\/suscripcion\/producto\/inscripcion-aviforum-carne-incubaforum-2023\/","og_site_name":"Suscripciones grupo agriNews","article_publisher":"https:\/\/www.facebook.com\/grupo.agrinews","article_modified_time":"2023-05-17T12:50:26+00:00","og_image":[{"width":1400,"height":1400,"url":"https:\/\/grupoagrinews.com\/suscripcion\/wp-content\/uploads\/2023\/03\/aviforum-carne-2023.png","type":"image\/png"}],"twitter_card":"summary_large_image","twitter_site":"@grupo_agrinews","twitter_misc":{"Tiempo de lectura":"2 minutos"},"schema":{"@context":"https:\/\/schema.org","@graph":[{"@type":"WebPage","@id":"https:\/\/grupoagrinews.com\/suscripcion\/producto\/inscripcion-aviforum-carne-incubaforum-2023\/","url":"https:\/\/grupoagrinews.com\/suscripcion\/producto\/inscripcion-aviforum-carne-incubaforum-2023\/","name":"Inscripci\u00f3n aviFORUM Carne + incubaFORUM 2023 - Suscripciones grupo agriNews","isPartOf":{"@id":"https:\/\/grupoagrinews.com\/suscripcion\/#website"},"primaryImageOfPage":{"@id":"https:\/\/grupoagrinews.com\/suscripcion\/producto\/inscripcion-aviforum-carne-incubaforum-2023\/#primaryimage"},"image":{"@id":"https:\/\/grupoagrinews.com\/suscripcion\/producto\/inscripcion-aviforum-carne-incubaforum-2023\/#primaryimage"},"thumbnailUrl":"https:\/\/grupoagrinews.com\/suscripcion\/wp-content\/uploads\/2023\/03\/aviforum-carne-2023.png","datePublished":"2023-03-21T10:32:13+00:00","dateModified":"2023-05-17T12:50:26+00:00","breadcrumb":{"@id":"https:\/\/grupoagrinews.com\/suscripcion\/producto\/inscripcion-aviforum-carne-incubaforum-2023\/#breadcrumb"},"inLanguage":"es","potentialAction":[{"@type":"ReadAction","target":["https:\/\/grupoagrinews.com\/suscripcion\/producto\/inscripcion-aviforum-carne-incubaforum-2023\/"]}]},{"@type":"ImageObject","inLanguage":"es","@id":"https:\/\/grupoagrinews.com\/suscripcion\/producto\/inscripcion-aviforum-carne-incubaforum-2023\/#primaryimage","url":"https:\/\/grupoagrinews.com\/suscripcion\/wp-content\/uploads\/2023\/03\/aviforum-carne-2023.png","contentUrl":"https:\/\/grupoagrinews.com\/suscripcion\/wp-content\/uploads\/2023\/03\/aviforum-carne-2023.png","width":1400,"height":1400},{"@type":"BreadcrumbList","@id":"https:\/\/grupoagrinews.com\/suscripcion\/producto\/inscripcion-aviforum-carne-incubaforum-2023\/#breadcrumb","itemListElement":[{"@type":"ListItem","position":1,"name":"Portada","item":"https:\/\/grupoagrinews.com\/suscripcion\/"},{"@type":"ListItem","position":2,"name":"Suscripciones","item":"https:\/\/grupoagrinews.com\/suscripcion\/"},{"@type":"ListItem","position":3,"name":"Inscripci\u00f3n aviFORUM Carne + incubaFORUM 2023"}]},{"@type":"WebSite","@id":"https:\/\/grupoagrinews.com\/suscripcion\/#website","url":"https:\/\/grupoagrinews.com\/suscripcion\/","name":"Suscripciones grupo agriNews","description":"Nuestra revista y eventos al alcance de todos","publisher":{"@id":"https:\/\/grupoagrinews.com\/suscripcion\/#organization"},"potentialAction":[{"@type":"SearchAction","target":{"@type":"EntryPoint","urlTemplate":"https:\/\/grupoagrinews.com\/suscripcion\/?s={search_term_string}"},"query-input":"required name=search_term_string"}],"inLanguage":"es"},{"@type":"Organization","@id":"https:\/\/grupoagrinews.com\/suscripcion\/#organization","name":"Grupo comunicaci\u00f3n agriNews SL","url":"https:\/\/grupoagrinews.com\/suscripcion\/","logo":{"@type":"ImageObject","inLanguage":"es","@id":"https:\/\/grupoagrinews.com\/suscripcion\/#\/schema\/logo\/image\/","url":"https:\/\/grupoagrinews.com\/suscripcion\/wp-content\/uploads\/2017\/02\/cropped-logo-agrinews.png","contentUrl":"https:\/\/grupoagrinews.com\/suscripcion\/wp-content\/uploads\/2017\/02\/cropped-logo-agrinews.png","width":278,"height":110,"caption":"Grupo comunicaci\u00f3n agriNews SL"},"image":{"@id":"https:\/\/grupoagrinews.com\/suscripcion\/#\/schema\/logo\/image\/"},"sameAs":["https:\/\/www.facebook.com\/grupo.agrinews","https:\/\/x.com\/grupo_agrinews","https:\/\/www.instagram.com\/grupo_agrinews\/?hl=es","https:\/\/www.linkedin.com\/company\/grupo-de-comunicaci\u00f3n-agrinews-s-l-"]}]}},"_links":{"self":[{"href":"https:\/\/grupoagrinews.com\/suscripcion\/wp-json\/wp\/v2\/product\/1713"}],"collection":[{"href":"https:\/\/grupoagrinews.com\/suscripcion\/wp-json\/wp\/v2\/product"}],"about":[{"href":"https:\/\/grupoagrinews.com\/suscripcion\/wp-json\/wp\/v2\/types\/product"}],"wp:featuredmedia":[{"embeddable":true,"href":"https:\/\/grupoagrinews.com\/suscripcion\/wp-json\/wp\/v2\/media\/1714"}],"wp:attachment":[{"href":"https:\/\/grupoagrinews.com\/suscripcion\/wp-json\/wp\/v2\/media?parent=1713"}],"wp:term":[{"taxonomy":"product_cat","embeddable":true,"href":"https:\/\/grupoagrinews.com\/suscripcion\/wp-json\/wp\/v2\/product_cat?post=1713"},{"taxonomy":"product_tag","embeddable":true,"href":"https:\/\/grupoagrinews.com\/suscripcion\/wp-json\/wp\/v2\/product_tag?post=1713"}],"curies":[{"name":"wp","href":"https:\/\/api.w.org\/{rel}","templated":true}]}}